{"id":6862,"date":"2025-04-24T15:11:44","date_gmt":"2025-04-24T13:11:44","guid":{"rendered":"http:\/\/46.4.84.82\/~museumsbanen\/?page_id=6862"},"modified":"2026-03-15T15:02:35","modified_gmt":"2026-03-15T14:02:35","slug":"faq","status":"publish","type":"page","link":"https:\/\/museumsbanen.dk\/de\/kundeservice\/faq\/","title":{"rendered":"H\u00e4ufig gestellte Fragen"},"content":{"rendered":"<div data-elementor-type=\"wp-page\" data-elementor-id=\"6862\" class=\"elementor elementor-6862\" data-elementor-post-type=\"page\">\n\t\t\t\t<div class=\"elementor-element elementor-element-e1cdc5a e-flex e-con-boxed e-con e-parent\" data-id=\"e1cdc5a\" data-element_type=\"container\" data-e-type=\"container\">\n\t\t\t\t\t<div class=\"e-con-inner\">\n\t\t\t\t<div class=\"elementor-element elementor-element-cb7fe37 elementor-widget elementor-widget-spacer\" data-id=\"cb7fe37\" data-element_type=\"widget\" data-e-type=\"widget\" data-widget_type=\"spacer.default\">\n\t\t\t\t<div class=\"elementor-widget-container\">\n\t\t\t\t\t\t\t<div class=\"elementor-spacer\">\n\t\t\t<div class=\"elementor-spacer-inner\"><\/div>\n\t\t<\/div>\n\t\t\t\t\t\t<\/div>\n\t\t\t\t<\/div>\n\t\t\t\t\t<\/div>\n\t\t\t\t<\/div>\n\t\t<div class=\"elementor-element elementor-element-ff01f48 e-flex e-con-boxed e-con e-parent\" data-id=\"ff01f48\" data-element_type=\"container\" data-e-type=\"container\">\n\t\t\t\t\t<div class=\"e-con-inner\">\n\t\t\t\t<div class=\"elementor-element elementor-element-259287f top-image-carousel elementor-widget elementor-widget-image-carousel\" data-id=\"259287f\" data-element_type=\"widget\" data-e-type=\"widget\" data-settings=\"{&quot;slides_to_show&quot;:&quot;1&quot;,&quot;navigation&quot;:&quot;none&quot;,&quot;autoplay&quot;:&quot;yes&quot;,&quot;pause_on_hover&quot;:&quot;yes&quot;,&quot;pause_on_interaction&quot;:&quot;yes&quot;,&quot;autoplay_speed&quot;:5000,&quot;infinite&quot;:&quot;yes&quot;,&quot;effect&quot;:&quot;slide&quot;,&quot;speed&quot;:500}\" data-widget_type=\"image-carousel.default\">\n\t\t\t\t<div class=\"elementor-widget-container\">\n\t\t\t\t\t\t\t<div class=\"elementor-image-carousel-wrapper swiper\" role=\"region\" aria-roledescription=\"carousel\" aria-label=\"Bilderkarussell\" dir=\"ltr\">\n\t\t\t<div class=\"elementor-image-carousel swiper-wrapper\" aria-live=\"off\">\n\t\t\t\t\t\t\t\t<div class=\"swiper-slide\" role=\"group\" aria-roledescription=\"slide\" aria-label=\"1 von 1\"><figure class=\"swiper-slide-inner\"><img decoding=\"async\" class=\"swiper-slide-image\" src=\"https:\/\/museumsbanen.dk\/wp-content\/uploads\/20240907_144806.png\" alt=\"M9, Bandholm havn.\" \/><figcaption class=\"elementor-image-carousel-caption\">M9, Hafen von Bandholm.<\/figcaption><\/figure><\/div>\t\t\t<\/div>\n\t\t\t\t\t<\/div>\n\t\t\t\t\t\t<\/div>\n\t\t\t\t<\/div>\n\t\t\t\t\t<\/div>\n\t\t\t\t<\/div>\n\t\t<div class=\"elementor-element elementor-element-7d8d7ca e-flex e-con-boxed e-con e-parent\" data-id=\"7d8d7ca\" data-element_type=\"container\" data-e-type=\"container\">\n\t\t\t\t\t<div class=\"e-con-inner\">\n\t\t\t\t<div class=\"elementor-element elementor-element-0e12d08 elementor-widget elementor-widget-text-editor\" data-id=\"0e12d08\" data-element_type=\"widget\" data-e-type=\"widget\" data-widget_type=\"text-editor.default\">\n\t\t\t\t<div class=\"elementor-widget-container\">\n\t\t\t\t\t\t\t\t\t<p>Hier finden Sie Antworten auf einige der h\u00e4ufig gestellten Fragen ...<\/p>\t\t\t\t\t\t\t\t<\/div>\n\t\t\t\t<\/div>\n\t\t\t\t<div class=\"elementor-element elementor-element-662e641 elementor-widget elementor-widget-n-accordion\" data-id=\"662e641\" data-element_type=\"widget\" data-e-type=\"widget\" data-settings=\"{&quot;default_state&quot;:&quot;expanded&quot;,&quot;max_items_expended&quot;:&quot;one&quot;,&quot;n_accordion_animation_duration&quot;:{&quot;unit&quot;:&quot;ms&quot;,&quot;size&quot;:400,&quot;sizes&quot;:[]}}\" data-widget_type=\"nested-accordion.default\">\n\t\t\t\t<div class=\"elementor-widget-container\">\n\t\t\t\t\t\t\t<div class=\"e-n-accordion\" aria-label=\"Akkordeon. \u00d6ffnen Sie Links mit der Eingabetaste oder der Leertaste, schlie\u00dfen Sie sie mit Escape und navigieren Sie mit den Pfeiltasten\">\n\t\t\t\t\t\t<details id=\"e-n-accordion-item-1070\" class=\"e-n-accordion-item\" open>\n\t\t\t\t<summary class=\"e-n-accordion-item-title\" data-accordion-index=\"1\" tabindex=\"0\" aria-expanded=\"true\" aria-controls=\"e-n-accordion-item-1070\" >\n\t\t\t\t\t<span class='e-n-accordion-item-title-header'><div class=\"e-n-accordion-item-title-text\"> Wann fahren Z\u00fcge auf der Museumslinie? <\/div><\/span>\n\t\t\t\t\t\t\t<span class='e-n-accordion-item-title-icon'>\n\t\t\t<span class='e-opened' ><i aria-hidden=\"true\" class=\"fas fa-minus\"><\/i><\/span>\n\t\t\t<span class='e-closed'><i aria-hidden=\"true\" class=\"fas fa-plus\"><\/i><\/span>\n\t\t<\/span>\n\n\t\t\t\t\t\t<\/summary>\n\t\t\t\t<div role=\"region\" aria-labelledby=\"e-n-accordion-item-1070\" class=\"elementor-element elementor-element-5ca94d5 e-con-full e-flex e-con e-child\" data-id=\"5ca94d5\" data-element_type=\"container\" data-e-type=\"container\">\n\t\t\t\t<div class=\"elementor-element elementor-element-e4f4020 elementor-widget elementor-widget-text-editor\" data-id=\"e4f4020\" data-element_type=\"widget\" data-e-type=\"widget\" data-widget_type=\"text-editor.default\">\n\t\t\t\t<div class=\"elementor-widget-container\">\n\t\t\t\t\t\t\t\t\t<p>\u00a0<\/p><p>Im Jahr 2026 beginnt die Saison der Museumseisenbahn mit einem Osterzug im April und endet mit den Weihnachtsz\u00fcgen im Dezember.<\/p><p>Die Lauftage f\u00fcr die Sommersaison k\u00f6nnen Sie unter \u201cLaufplan\u201d auf der Startseite einsehen. Tickets k\u00f6nnen Sie im Men\u00fcpunkt \u201dTicketverkauf\u201d auf der Startseite der Website erwerben.<\/p><p>Im Kalender ist auch vermerkt, ob der Zug mit einer Dampf- oder Diesellokomotive betrieben wird.<\/p>\t\t\t\t\t\t\t\t<\/div>\n\t\t\t\t<\/div>\n\t\t\t\t<\/div>\n\t\t\t\t\t<\/details>\n\t\t\t\t\t\t<details id=\"e-n-accordion-item-1071\" class=\"e-n-accordion-item\" >\n\t\t\t\t<summary class=\"e-n-accordion-item-title\" data-accordion-index=\"2\" tabindex=\"-1\" aria-expanded=\"false\" aria-controls=\"e-n-accordion-item-1071\" >\n\t\t\t\t\t<span class='e-n-accordion-item-title-header'><div class=\"e-n-accordion-item-title-text\"> Was kostet die Fahrt und wie kann ich bezahlen? <\/div><\/span>\n\t\t\t\t\t\t\t<span class='e-n-accordion-item-title-icon'>\n\t\t\t<span class='e-opened' ><i aria-hidden=\"true\" class=\"fas fa-minus\"><\/i><\/span>\n\t\t\t<span class='e-closed'><i aria-hidden=\"true\" class=\"fas fa-plus\"><\/i><\/span>\n\t\t<\/span>\n\n\t\t\t\t\t\t<\/summary>\n\t\t\t\t<div role=\"region\" aria-labelledby=\"e-n-accordion-item-1071\" class=\"elementor-element elementor-element-fcceb78 e-con-full e-flex e-con e-child\" data-id=\"fcceb78\" data-element_type=\"container\" data-e-type=\"container\">\n\t\t\t\t<div class=\"elementor-element elementor-element-6a295b5 elementor-widget elementor-widget-text-editor\" data-id=\"6a295b5\" data-element_type=\"widget\" data-e-type=\"widget\" data-widget_type=\"text-editor.default\">\n\t\t\t\t<div class=\"elementor-widget-container\">\n\t\t\t\t\t\t\t\t\t<p>\u00a0<\/p><p>Eine Fahrt von Maribo nach Bandholm und zur\u00fcck kostet 120 Kronen f\u00fcr einen Erwachsenen und 60 Kronen f\u00fcr ein Kind von 4 bis 11 Jahren.<\/p><p>Kinder von 0\u20133 Jahren fahren kostenlos. Zwei Erwachsene und 2\u20134 Kinder k\u00f6nnen ein Familienticket f\u00fcr 310 Kronen kaufen.<\/p><p>Einzelfahrkarten kosten 60 Kronen f\u00fcr Erwachsene und 30 Kronen f\u00fcr Kinder (4\u201311 Jahre).<\/p><p>Wenn Sie sicher sein m\u00f6chten, mit dem Zug zu fahren, empfiehlt Museumsbanen den Kauf von regul\u00e4ren R\u00fcckfahrkarten von Maribo nach Bandholm auf der Website \u00a0<a href=\"https:\/\/museumsbanen.dk\/de\/\">www.museumsbanen.dk<\/a><\/p><p>Auf der Website ist die Zahlung mit Visa\/Dankort, Visa-card, und Mastercard m\u00f6glich.<\/p><p>Andere Fahrkarten (Einzelfahrkarten und Fahrkarten f\u00fcr Abfahrten ab Bandholm) k\u00f6nnen am Bahnhof Bandholm oder im Zug gekauft werden. Am Bahnhof k\u00f6nnen Sie mit Bargeld, Mobilepay, Visa und MasterCard bezahlen.<\/p><p>Im Zug k\u00f6nnen Sie mit Bargeld bezahlen.<\/p>\t\t\t\t\t\t\t\t<\/div>\n\t\t\t\t<\/div>\n\t\t\t\t<\/div>\n\t\t\t\t\t<\/details>\n\t\t\t\t\t\t<details id=\"e-n-accordion-item-1072\" class=\"e-n-accordion-item\" >\n\t\t\t\t<summary class=\"e-n-accordion-item-title\" data-accordion-index=\"3\" tabindex=\"-1\" aria-expanded=\"false\" aria-controls=\"e-n-accordion-item-1072\" >\n\t\t\t\t\t<span class='e-n-accordion-item-title-header'><div class=\"e-n-accordion-item-title-text\"> Bekommt man einen Gruppenrabatt? <\/div><\/span>\n\t\t\t\t\t\t\t<span class='e-n-accordion-item-title-icon'>\n\t\t\t<span class='e-opened' ><i aria-hidden=\"true\" class=\"fas fa-minus\"><\/i><\/span>\n\t\t\t<span class='e-closed'><i aria-hidden=\"true\" class=\"fas fa-plus\"><\/i><\/span>\n\t\t<\/span>\n\n\t\t\t\t\t\t<\/summary>\n\t\t\t\t<div role=\"region\" aria-labelledby=\"e-n-accordion-item-1072\" class=\"elementor-element elementor-element-16bbff6 e-con-full e-flex e-con e-child\" data-id=\"16bbff6\" data-element_type=\"container\" data-e-type=\"container\">\n\t\t\t\t<div class=\"elementor-element elementor-element-0a9c1fa elementor-widget elementor-widget-text-editor\" data-id=\"0a9c1fa\" data-element_type=\"widget\" data-e-type=\"widget\" data-widget_type=\"text-editor.default\">\n\t\t\t\t<div class=\"elementor-widget-container\">\n\t\t\t\t\t\t\t\t\t<p>Ja, es gibt einen Rabatt von 10 % f\u00fcr Gruppen mit mehr als 10 Erwachsenen und einen Rabatt von 25 % f\u00fcr Gruppen mit mehr als 25 Erwachsenen.<br \/><br \/>Wenn Sie einen Ausflug f\u00fcr eine gr\u00f6\u00dfere Gruppe (mehr als 25 Personen) planen, k\u00f6nnen Sie in den im Kalender angegebenen Z\u00fcgen Sitzpl\u00e4tze reservieren. So kann die Gruppe zusammensitzen.<\/p><p>Reservierungen k\u00f6nnen schriftlich an die Verkehrsabteilung der Museumsbanen unter trafik@museumsbanen.dk vorgenommen werden.<\/p><p>Gruppen mit mehr als 25 Erwachsenen m\u00fcssen mindestens 3 Tage im Voraus einen Platz buchen.<br \/><br \/><\/p>\t\t\t\t\t\t\t\t<\/div>\n\t\t\t\t<\/div>\n\t\t\t\t<\/div>\n\t\t\t\t\t<\/details>\n\t\t\t\t\t\t<details id=\"e-n-accordion-item-1073\" class=\"e-n-accordion-item\" >\n\t\t\t\t<summary class=\"e-n-accordion-item-title\" data-accordion-index=\"4\" tabindex=\"-1\" aria-expanded=\"false\" aria-controls=\"e-n-accordion-item-1073\" >\n\t\t\t\t\t<span class='e-n-accordion-item-title-header'><div class=\"e-n-accordion-item-title-text\"> Wo kauft man ein Ticket f\u00fcr die 1. Klasse und wie viel kostet es? <\/div><\/span>\n\t\t\t\t\t\t\t<span class='e-n-accordion-item-title-icon'>\n\t\t\t<span class='e-opened' ><i aria-hidden=\"true\" class=\"fas fa-minus\"><\/i><\/span>\n\t\t\t<span class='e-closed'><i aria-hidden=\"true\" class=\"fas fa-plus\"><\/i><\/span>\n\t\t<\/span>\n\n\t\t\t\t\t\t<\/summary>\n\t\t\t\t<div role=\"region\" aria-labelledby=\"e-n-accordion-item-1073\" class=\"elementor-element elementor-element-e655dba e-con-full e-flex e-con e-child\" data-id=\"e655dba\" data-element_type=\"container\" data-e-type=\"container\">\n\t\t\t\t<div class=\"elementor-element elementor-element-e73f363 elementor-widget elementor-widget-text-editor\" data-id=\"e73f363\" data-element_type=\"widget\" data-e-type=\"widget\" data-widget_type=\"text-editor.default\">\n\t\t\t\t<div class=\"elementor-widget-container\">\n\t\t\t\t\t\t\t\t\t<p><span style=\"font-size: 11.0pt; font-family: 'Calibri',sans-serif;\">Zuschl\u00e4ge f\u00fcr die 1. Klasse werden im Zug gekauft und kosten 20 kr.<\/span><\/p>\t\t\t\t\t\t\t\t<\/div>\n\t\t\t\t<\/div>\n\t\t\t\t<\/div>\n\t\t\t\t\t<\/details>\n\t\t\t\t\t\t<details id=\"e-n-accordion-item-1074\" class=\"e-n-accordion-item\" >\n\t\t\t\t<summary class=\"e-n-accordion-item-title\" data-accordion-index=\"5\" tabindex=\"-1\" aria-expanded=\"false\" aria-controls=\"e-n-accordion-item-1074\" >\n\t\t\t\t\t<span class='e-n-accordion-item-title-header'><div class=\"e-n-accordion-item-title-text\"> Parken. <\/div><\/span>\n\t\t\t\t\t\t\t<span class='e-n-accordion-item-title-icon'>\n\t\t\t<span class='e-opened' ><i aria-hidden=\"true\" class=\"fas fa-minus\"><\/i><\/span>\n\t\t\t<span class='e-closed'><i aria-hidden=\"true\" class=\"fas fa-plus\"><\/i><\/span>\n\t\t<\/span>\n\n\t\t\t\t\t\t<\/summary>\n\t\t\t\t<div role=\"region\" aria-labelledby=\"e-n-accordion-item-1074\" class=\"elementor-element elementor-element-01d5175 e-flex e-con-boxed e-con e-child\" data-id=\"01d5175\" data-element_type=\"container\" data-e-type=\"container\">\n\t\t\t\t\t<div class=\"e-con-inner\">\n\t\t\t\t<div class=\"elementor-element elementor-element-c096d0d elementor-widget elementor-widget-text-editor\" data-id=\"c096d0d\" data-element_type=\"widget\" data-e-type=\"widget\" data-widget_type=\"text-editor.default\">\n\t\t\t\t<div class=\"elementor-widget-container\">\n\t\t\t\t\t\t\t\t\t<p><span style=\"font-size: 11.0pt; font-family: 'Calibri',sans-serif;\">Sowohl am Bahnhof in Maribo als auch in Bandholm gibt es gute Parkm\u00f6glichkeiten.<\/span><\/p><p>\u00a0<\/p>\t\t\t\t\t\t\t\t<\/div>\n\t\t\t\t<\/div>\n\t\t\t\t\t<\/div>\n\t\t\t\t<\/div>\n\t\t\t\t\t<\/details>\n\t\t\t\t\t\t<details id=\"e-n-accordion-item-1075\" class=\"e-n-accordion-item\" >\n\t\t\t\t<summary class=\"e-n-accordion-item-title\" data-accordion-index=\"6\" tabindex=\"-1\" aria-expanded=\"false\" aria-controls=\"e-n-accordion-item-1075\" >\n\t\t\t\t\t<span class='e-n-accordion-item-title-header'><div class=\"e-n-accordion-item-title-text\"> Wie lange dauert die Fahrt von Maribo nach Bandholm und zur\u00fcck? <\/div><\/span>\n\t\t\t\t\t\t\t<span class='e-n-accordion-item-title-icon'>\n\t\t\t<span class='e-opened' ><i aria-hidden=\"true\" class=\"fas fa-minus\"><\/i><\/span>\n\t\t\t<span class='e-closed'><i aria-hidden=\"true\" class=\"fas fa-plus\"><\/i><\/span>\n\t\t<\/span>\n\n\t\t\t\t\t\t<\/summary>\n\t\t\t\t<div role=\"region\" aria-labelledby=\"e-n-accordion-item-1075\" class=\"elementor-element elementor-element-6fc3ed4 e-flex e-con-boxed e-con e-child\" data-id=\"6fc3ed4\" data-element_type=\"container\" data-e-type=\"container\">\n\t\t\t\t\t<div class=\"e-con-inner\">\n\t\t\t\t<div class=\"elementor-element elementor-element-3feb39c elementor-widget elementor-widget-text-editor\" data-id=\"3feb39c\" data-element_type=\"widget\" data-e-type=\"widget\" data-widget_type=\"text-editor.default\">\n\t\t\t\t<div class=\"elementor-widget-container\">\n\t\t\t\t\t\t\t\t\t<p>Eine Fahrt dauert ungef\u00e4hr 2 Stunden und beinhaltet einen Halt am Bahnhof Bandholm, wo Sie eine Erfrischung kaufen und die authentische Bahnhofsatmosph\u00e4re aus den 1920er Jahren genie\u00dfen k\u00f6nnen.<\/p>\t\t\t\t\t\t\t\t<\/div>\n\t\t\t\t<\/div>\n\t\t\t\t\t<\/div>\n\t\t\t\t<\/div>\n\t\t\t\t\t<\/details>\n\t\t\t\t\t\t<details id=\"e-n-accordion-item-1076\" class=\"e-n-accordion-item\" >\n\t\t\t\t<summary class=\"e-n-accordion-item-title\" data-accordion-index=\"7\" tabindex=\"-1\" aria-expanded=\"false\" aria-controls=\"e-n-accordion-item-1076\" >\n\t\t\t\t\t<span class='e-n-accordion-item-title-header'><div class=\"e-n-accordion-item-title-text\"> Darf man einen Hund im Zug mitnehmen? <\/div><\/span>\n\t\t\t\t\t\t\t<span class='e-n-accordion-item-title-icon'>\n\t\t\t<span class='e-opened' ><i aria-hidden=\"true\" class=\"fas fa-minus\"><\/i><\/span>\n\t\t\t<span class='e-closed'><i aria-hidden=\"true\" class=\"fas fa-plus\"><\/i><\/span>\n\t\t<\/span>\n\n\t\t\t\t\t\t<\/summary>\n\t\t\t\t<div role=\"region\" aria-labelledby=\"e-n-accordion-item-1076\" class=\"elementor-element elementor-element-21f6adc e-flex e-con-boxed e-con e-child\" data-id=\"21f6adc\" data-element_type=\"container\" data-e-type=\"container\">\n\t\t\t\t\t<div class=\"e-con-inner\">\n\t\t\t\t<div class=\"elementor-element elementor-element-6bc399f elementor-widget elementor-widget-text-editor\" data-id=\"6bc399f\" data-element_type=\"widget\" data-e-type=\"widget\" data-widget_type=\"text-editor.default\">\n\t\t\t\t<div class=\"elementor-widget-container\">\n\t\t\t\t\t\t\t\t\t<p>Haustiere sind willkommen, sofern sie andere Reisende nicht bel\u00e4stigen. In Wagen mit Verpflegung ist dies jedoch nicht der Fall.<strong><br \/><br \/><\/strong><\/p>\t\t\t\t\t\t\t\t<\/div>\n\t\t\t\t<\/div>\n\t\t\t\t\t<\/div>\n\t\t\t\t<\/div>\n\t\t\t\t\t<\/details>\n\t\t\t\t\t\t<details id=\"e-n-accordion-item-1077\" class=\"e-n-accordion-item\" >\n\t\t\t\t<summary class=\"e-n-accordion-item-title\" data-accordion-index=\"8\" tabindex=\"-1\" aria-expanded=\"false\" aria-controls=\"e-n-accordion-item-1077\" >\n\t\t\t\t\t<span class='e-n-accordion-item-title-header'><div class=\"e-n-accordion-item-title-text\"> Darf man Kinderwagen oder Fahrrad im Zug mitnehmen? <\/div><\/span>\n\t\t\t\t\t\t\t<span class='e-n-accordion-item-title-icon'>\n\t\t\t<span class='e-opened' ><i aria-hidden=\"true\" class=\"fas fa-minus\"><\/i><\/span>\n\t\t\t<span class='e-closed'><i aria-hidden=\"true\" class=\"fas fa-plus\"><\/i><\/span>\n\t\t<\/span>\n\n\t\t\t\t\t\t<\/summary>\n\t\t\t\t<div role=\"region\" aria-labelledby=\"e-n-accordion-item-1077\" class=\"elementor-element elementor-element-c84dfff e-flex e-con-boxed e-con e-child\" data-id=\"c84dfff\" data-element_type=\"container\" data-e-type=\"container\">\n\t\t\t\t\t<div class=\"e-con-inner\">\n\t\t\t\t<div class=\"elementor-element elementor-element-fc1a4fb elementor-widget elementor-widget-text-editor\" data-id=\"fc1a4fb\" data-element_type=\"widget\" data-e-type=\"widget\" data-widget_type=\"text-editor.default\">\n\t\t\t\t<div class=\"elementor-widget-container\">\n\t\t\t\t\t\t\t\t\t<p><span style=\"font-size: 11.0pt; font-family: 'Calibri',sans-serif; color: #333333; background: white;\">Kinderwagen werden kostenlos im Gep\u00e4ckraum des Zuges mitgenommen. Allerdings muss das Kind w\u00e4hrend der Fahrt aus dem Kinderwagen genommen werden.<\/span><span style=\"font-size: 11.0pt; font-family: 'Calibri',sans-serif; color: #333333;\"><br \/><span style=\"background: white;\">Leichte Fahrr\u00e4der k\u00f6nnen mitgenommen werden, sofern im Gep\u00e4ckraum Platz vorhanden ist. Die Geb\u00fchr betr\u00e4gt 30 DKK und die Bezahlung erfolgt im Zug.\u00a0<\/span><\/span><\/p>\t\t\t\t\t\t\t\t<\/div>\n\t\t\t\t<\/div>\n\t\t\t\t\t<\/div>\n\t\t\t\t<\/div>\n\t\t\t\t\t<\/details>\n\t\t\t\t\t\t<details id=\"e-n-accordion-item-1078\" class=\"e-n-accordion-item\" >\n\t\t\t\t<summary class=\"e-n-accordion-item-title\" data-accordion-index=\"9\" tabindex=\"-1\" aria-expanded=\"false\" aria-controls=\"e-n-accordion-item-1078\" >\n\t\t\t\t\t<span class='e-n-accordion-item-title-header'><div class=\"e-n-accordion-item-title-text\"> Ist die Bahn f\u00fcr Menschen mit Behinderung nutzbar? <\/div><\/span>\n\t\t\t\t\t\t\t<span class='e-n-accordion-item-title-icon'>\n\t\t\t<span class='e-opened' ><i aria-hidden=\"true\" class=\"fas fa-minus\"><\/i><\/span>\n\t\t\t<span class='e-closed'><i aria-hidden=\"true\" class=\"fas fa-plus\"><\/i><\/span>\n\t\t<\/span>\n\n\t\t\t\t\t\t<\/summary>\n\t\t\t\t<div role=\"region\" aria-labelledby=\"e-n-accordion-item-1078\" class=\"elementor-element elementor-element-f46febe e-flex e-con-boxed e-con e-child\" data-id=\"f46febe\" data-element_type=\"container\" data-e-type=\"container\">\n\t\t\t\t\t<div class=\"e-con-inner\">\n\t\t\t\t<div class=\"elementor-element elementor-element-58fabdf elementor-widget elementor-widget-text-editor\" data-id=\"58fabdf\" data-element_type=\"widget\" data-e-type=\"widget\" data-widget_type=\"text-editor.default\">\n\t\t\t\t<div class=\"elementor-widget-container\">\n\t\t\t\t\t\t\t\t\t<p>Behinderte Menschen k\u00f6nnen mitgenommen werden, sofern ihre eigenen Helfer die behinderte Person und ihre Hilfsmittel in den Zug und aus dem Zug heben k\u00f6nnen. Bitte beachten Sie jedoch, dass die T\u00fcren in den historischen Waggons eng sind und mit einem Rollstuhl nicht passiert werden k\u00f6nnen.\u00a0\u00a0<\/p>\t\t\t\t\t\t\t\t<\/div>\n\t\t\t\t<\/div>\n\t\t\t\t\t<\/div>\n\t\t\t\t<\/div>\n\t\t\t\t\t<\/details>\n\t\t\t\t\t\t<details id=\"e-n-accordion-item-1079\" class=\"e-n-accordion-item\" >\n\t\t\t\t<summary class=\"e-n-accordion-item-title\" data-accordion-index=\"10\" tabindex=\"-1\" aria-expanded=\"false\" aria-controls=\"e-n-accordion-item-1079\" >\n\t\t\t\t\t<span class='e-n-accordion-item-title-header'><div class=\"e-n-accordion-item-title-text\"> Wo sind die Toiletten? <\/div><\/span>\n\t\t\t\t\t\t\t<span class='e-n-accordion-item-title-icon'>\n\t\t\t<span class='e-opened' ><i aria-hidden=\"true\" class=\"fas fa-minus\"><\/i><\/span>\n\t\t\t<span class='e-closed'><i aria-hidden=\"true\" class=\"fas fa-plus\"><\/i><\/span>\n\t\t<\/span>\n\n\t\t\t\t\t\t<\/summary>\n\t\t\t\t<div role=\"region\" aria-labelledby=\"e-n-accordion-item-1079\" class=\"elementor-element elementor-element-abc7659 e-flex e-con-boxed e-con e-child\" data-id=\"abc7659\" data-element_type=\"container\" data-e-type=\"container\">\n\t\t\t\t\t<div class=\"e-con-inner\">\n\t\t\t\t<div class=\"elementor-element elementor-element-f67f5cb elementor-widget elementor-widget-text-editor\" data-id=\"f67f5cb\" data-element_type=\"widget\" data-e-type=\"widget\" data-widget_type=\"text-editor.default\">\n\t\t\t\t<div class=\"elementor-widget-container\">\n\t\t\t\t\t\t\t\t\t<p>Bei den meisten Abfahrten steht im Zug eine Toilette zur Verf\u00fcgung.<\/p><p>Am Bahnhof Bandholm gibt es zwei Toiletten, eine davon ist eine Behindertentoilette.<\/p><p>In der Behindertentoilette gibt es einen Wickelplatz.<\/p>\t\t\t\t\t\t\t\t<\/div>\n\t\t\t\t<\/div>\n\t\t\t\t\t<\/div>\n\t\t\t\t<\/div>\n\t\t\t\t\t<\/details>\n\t\t\t\t\t\t<details id=\"e-n-accordion-item-10710\" class=\"e-n-accordion-item\" >\n\t\t\t\t<summary class=\"e-n-accordion-item-title\" data-accordion-index=\"11\" tabindex=\"-1\" aria-expanded=\"false\" aria-controls=\"e-n-accordion-item-10710\" >\n\t\t\t\t\t<span class='e-n-accordion-item-title-header'><div class=\"e-n-accordion-item-title-text\"> Wie weit ist es von meinem Sommerhaus nach Maribo? <\/div><\/span>\n\t\t\t\t\t\t\t<span class='e-n-accordion-item-title-icon'>\n\t\t\t<span class='e-opened' ><i aria-hidden=\"true\" class=\"fas fa-minus\"><\/i><\/span>\n\t\t\t<span class='e-closed'><i aria-hidden=\"true\" class=\"fas fa-plus\"><\/i><\/span>\n\t\t<\/span>\n\n\t\t\t\t\t\t<\/summary>\n\t\t\t\t<div role=\"region\" aria-labelledby=\"e-n-accordion-item-10710\" class=\"elementor-element elementor-element-f3f0e1d e-flex e-con-boxed e-con e-child\" data-id=\"f3f0e1d\" data-element_type=\"container\" data-e-type=\"container\">\n\t\t\t\t\t<div class=\"e-con-inner\">\n\t\t\t\t<div class=\"elementor-element elementor-element-2be3074 elementor-widget elementor-widget-text-editor\" data-id=\"2be3074\" data-element_type=\"widget\" data-e-type=\"widget\" data-widget_type=\"text-editor.default\">\n\t\t\t\t<div class=\"elementor-widget-container\">\n\t\t\t\t\t\t\t\t\t<p><span style=\"font-size: 11.0pt; font-family: 'Calibri',sans-serif;\">Von Marielyst sind es 38 km nach Maribo, 42 km von Gedesby, 25 km von Kramnitze <\/span><span style=\"font-size: 11.0pt; font-family: 'Calibri',sans-serif;\">und von R\u00f8dbyhavn sind es 19 km.<\/span><\/p>\t\t\t\t\t\t\t\t<\/div>\n\t\t\t\t<\/div>\n\t\t\t\t\t<\/div>\n\t\t\t\t<\/div>\n\t\t\t\t\t<\/details>\n\t\t\t\t\t\t<details id=\"e-n-accordion-item-10711\" class=\"e-n-accordion-item\" >\n\t\t\t\t<summary class=\"e-n-accordion-item-title\" data-accordion-index=\"12\" tabindex=\"-1\" aria-expanded=\"false\" aria-controls=\"e-n-accordion-item-10711\" >\n\t\t\t\t\t<span class='e-n-accordion-item-title-header'><div class=\"e-n-accordion-item-title-text\"> Kann man auf der Website der Museumsbahn Tickets f\u00fcr den Jazz Train kaufen? <\/div><\/span>\n\t\t\t\t\t\t\t<span class='e-n-accordion-item-title-icon'>\n\t\t\t<span class='e-opened' ><i aria-hidden=\"true\" class=\"fas fa-minus\"><\/i><\/span>\n\t\t\t<span class='e-closed'><i aria-hidden=\"true\" class=\"fas fa-plus\"><\/i><\/span>\n\t\t<\/span>\n\n\t\t\t\t\t\t<\/summary>\n\t\t\t\t<div role=\"region\" aria-labelledby=\"e-n-accordion-item-10711\" class=\"elementor-element elementor-element-cc0eace e-flex e-con-boxed e-con e-child\" data-id=\"cc0eace\" data-element_type=\"container\" data-e-type=\"container\">\n\t\t\t\t\t<div class=\"e-con-inner\">\n\t\t\t\t<div class=\"elementor-element elementor-element-0c5bb3c elementor-widget elementor-widget-text-editor\" data-id=\"0c5bb3c\" data-element_type=\"widget\" data-e-type=\"widget\" data-widget_type=\"text-editor.default\">\n\t\t\t\t<div class=\"elementor-widget-container\">\n\t\t\t\t\t\t\t\t\t<p>Nein, Tickets k\u00f6nnen ab dem 1. Dezember im Vin Huset in Maribo und bei Ticketmaster gekauft werden.<\/p>\t\t\t\t\t\t\t\t<\/div>\n\t\t\t\t<\/div>\n\t\t\t\t\t<\/div>\n\t\t\t\t<\/div>\n\t\t\t\t\t<\/details>\n\t\t\t\t\t\t<details id=\"e-n-accordion-item-10712\" class=\"e-n-accordion-item\" >\n\t\t\t\t<summary class=\"e-n-accordion-item-title\" data-accordion-index=\"13\" tabindex=\"-1\" aria-expanded=\"false\" aria-controls=\"e-n-accordion-item-10712\" >\n\t\t\t\t\t<span class='e-n-accordion-item-title-header'><div class=\"e-n-accordion-item-title-text\"> Kann man am Bahnhof in Bandholm etwas kaufen? <\/div><\/span>\n\t\t\t\t\t\t\t<span class='e-n-accordion-item-title-icon'>\n\t\t\t<span class='e-opened' ><i aria-hidden=\"true\" class=\"fas fa-minus\"><\/i><\/span>\n\t\t\t<span class='e-closed'><i aria-hidden=\"true\" class=\"fas fa-plus\"><\/i><\/span>\n\t\t<\/span>\n\n\t\t\t\t\t\t<\/summary>\n\t\t\t\t<div role=\"region\" aria-labelledby=\"e-n-accordion-item-10712\" class=\"elementor-element elementor-element-fe51446 e-flex e-con-boxed e-con e-child\" data-id=\"fe51446\" data-element_type=\"container\" data-e-type=\"container\">\n\t\t\t\t\t<div class=\"e-con-inner\">\n\t\t\t\t<div class=\"elementor-element elementor-element-c7d1b81 elementor-widget elementor-widget-text-editor\" data-id=\"c7d1b81\" data-element_type=\"widget\" data-e-type=\"widget\" data-widget_type=\"text-editor.default\">\n\t\t\t\t<div class=\"elementor-widget-container\">\n\t\t\t\t\t\t\t\t\t<p><span style=\"font-size: 11.0pt; font-family: 'Calibri',sans-serif;\">Sie k\u00f6nnen Kaffee, Eis und eine Auswahl an Souvenirs kaufen.<\/span><\/p>\t\t\t\t\t\t\t\t<\/div>\n\t\t\t\t<\/div>\n\t\t\t\t\t<\/div>\n\t\t\t\t<\/div>\n\t\t\t\t\t<\/details>\n\t\t\t\t\t\t<details id=\"e-n-accordion-item-10713\" class=\"e-n-accordion-item\" >\n\t\t\t\t<summary class=\"e-n-accordion-item-title\" data-accordion-index=\"14\" tabindex=\"-1\" aria-expanded=\"false\" aria-controls=\"e-n-accordion-item-10713\" >\n\t\t\t\t\t<span class='e-n-accordion-item-title-header'><div class=\"e-n-accordion-item-title-text\"> Gibt es ein Museum oder eine Ausstellung, die mit der Museumsbahn verbunden ist? <\/div><\/span>\n\t\t\t\t\t\t\t<span class='e-n-accordion-item-title-icon'>\n\t\t\t<span class='e-opened' ><i aria-hidden=\"true\" class=\"fas fa-minus\"><\/i><\/span>\n\t\t\t<span class='e-closed'><i aria-hidden=\"true\" class=\"fas fa-plus\"><\/i><\/span>\n\t\t<\/span>\n\n\t\t\t\t\t\t<\/summary>\n\t\t\t\t<div role=\"region\" aria-labelledby=\"e-n-accordion-item-10713\" class=\"elementor-element elementor-element-0f56829 e-flex e-con-boxed e-con e-child\" data-id=\"0f56829\" data-element_type=\"container\" data-e-type=\"container\">\n\t\t\t\t\t<div class=\"e-con-inner\">\n\t\t\t\t<div class=\"elementor-element elementor-element-3347713 elementor-widget elementor-widget-text-editor\" data-id=\"3347713\" data-element_type=\"widget\" data-e-type=\"widget\" data-widget_type=\"text-editor.default\">\n\t\t\t\t<div class=\"elementor-widget-container\">\n\t\t\t\t\t\t\t\t\t<p><span style=\"font-size: 11.0pt; font-family: 'Calibri',sans-serif; color: #333333;\">Im Bahnhof in Bandholm wurde das Wohnzimmer des letzten Bahnhofsvorstehers als Dauerausstellung eingerichtet. <\/span><span style=\"font-size: 11.0pt; font-family: 'Calibri',sans-serif; color: #333333;\">mit der Original-Einrichtung, die der Museumsbahn von den Nachkommen des Bahnhofsvorstehers geschenkt wurde. <\/span><\/p><p><span style=\"font-size: 11.0pt; font-family: 'Calibri',sans-serif; color: #333333;\">Dar\u00fcber hinaus werden im Bahnhof, im Lager und in der Wagenhalle zeitweise verschiedene Ausstellungen veranstaltet.<\/span><\/p>\t\t\t\t\t\t\t\t<\/div>\n\t\t\t\t<\/div>\n\t\t\t\t\t<\/div>\n\t\t\t\t<\/div>\n\t\t\t\t\t<\/details>\n\t\t\t\t\t\t<details id=\"e-n-accordion-item-10714\" class=\"e-n-accordion-item\" >\n\t\t\t\t<summary class=\"e-n-accordion-item-title\" data-accordion-index=\"15\" tabindex=\"-1\" aria-expanded=\"false\" aria-controls=\"e-n-accordion-item-10714\" >\n\t\t\t\t\t<span class='e-n-accordion-item-title-header'><div class=\"e-n-accordion-item-title-text\"> Kann man Begleitkarten f\u00fcr die Museumsbahnen nutzen? <\/div><\/span>\n\t\t\t\t\t\t\t<span class='e-n-accordion-item-title-icon'>\n\t\t\t<span class='e-opened' ><i aria-hidden=\"true\" class=\"fas fa-minus\"><\/i><\/span>\n\t\t\t<span class='e-closed'><i aria-hidden=\"true\" class=\"fas fa-plus\"><\/i><\/span>\n\t\t<\/span>\n\n\t\t\t\t\t\t<\/summary>\n\t\t\t\t<div role=\"region\" aria-labelledby=\"e-n-accordion-item-10714\" class=\"elementor-element elementor-element-7349ec5 e-flex e-con-boxed e-con e-child\" data-id=\"7349ec5\" data-element_type=\"container\" data-e-type=\"container\">\n\t\t\t\t\t<div class=\"e-con-inner\">\n\t\t\t\t<div class=\"elementor-element elementor-element-68dd644 elementor-widget elementor-widget-text-editor\" data-id=\"68dd644\" data-element_type=\"widget\" data-e-type=\"widget\" data-widget_type=\"text-editor.default\">\n\t\t\t\t<div class=\"elementor-widget-container\">\n\t\t\t\t\t\t\t\t\t<p>Nein, Begleittickets sind f\u00fcr die Museumsbahn nicht g\u00fcltig. Sie m\u00fcssen ein regul\u00e4res Ticket kaufen.<\/p>\t\t\t\t\t\t\t\t<\/div>\n\t\t\t\t<\/div>\n\t\t\t\t\t<\/div>\n\t\t\t\t<\/div>\n\t\t\t\t\t<\/details>\n\t\t\t\t\t\t<details id=\"e-n-accordion-item-10715\" class=\"e-n-accordion-item\" >\n\t\t\t\t<summary class=\"e-n-accordion-item-title\" data-accordion-index=\"16\" tabindex=\"-1\" aria-expanded=\"false\" aria-controls=\"e-n-accordion-item-10715\" >\n\t\t\t\t\t<span class='e-n-accordion-item-title-header'><div class=\"e-n-accordion-item-title-text\"> Stimmt es, dass Kinder unter 4 Jahren kostenlos mit der Museumsbahn fahren? <\/div><\/span>\n\t\t\t\t\t\t\t<span class='e-n-accordion-item-title-icon'>\n\t\t\t<span class='e-opened' ><i aria-hidden=\"true\" class=\"fas fa-minus\"><\/i><\/span>\n\t\t\t<span class='e-closed'><i aria-hidden=\"true\" class=\"fas fa-plus\"><\/i><\/span>\n\t\t<\/span>\n\n\t\t\t\t\t\t<\/summary>\n\t\t\t\t<div role=\"region\" aria-labelledby=\"e-n-accordion-item-10715\" class=\"elementor-element elementor-element-bf4f661 e-flex e-con-boxed e-con e-child\" data-id=\"bf4f661\" data-element_type=\"container\" data-e-type=\"container\">\n\t\t\t\t\t<div class=\"e-con-inner\">\n\t\t\t\t<div class=\"elementor-element elementor-element-5a6ed26 elementor-widget elementor-widget-text-editor\" data-id=\"5a6ed26\" data-element_type=\"widget\" data-e-type=\"widget\" data-widget_type=\"text-editor.default\">\n\t\t\t\t<div class=\"elementor-widget-container\">\n\t\t\t\t\t\t\t\t\t<p>Ja, das stimmt. Kinder unter 4 Jahren fahren in regul\u00e4ren Z\u00fcgen kostenlos.<\/p><p>Im Zusammenhang mit besonderen Anl\u00e4ssen k\u00f6nnen weitere Dinge vorkommen.<\/p>\t\t\t\t\t\t\t\t<\/div>\n\t\t\t\t<\/div>\n\t\t\t\t\t<\/div>\n\t\t\t\t<\/div>\n\t\t\t\t\t<\/details>\n\t\t\t\t\t\t<details id=\"e-n-accordion-item-10716\" class=\"e-n-accordion-item\" >\n\t\t\t\t<summary class=\"e-n-accordion-item-title\" data-accordion-index=\"17\" tabindex=\"-1\" aria-expanded=\"false\" aria-controls=\"e-n-accordion-item-10716\" >\n\t\t\t\t\t<span class='e-n-accordion-item-title-header'><div class=\"e-n-accordion-item-title-text\"> Kann ich Tickets f\u00fcr eine Veranstaltung kaufen, die als \u201eausverkauft\u201c gekennzeichnet ist?  <\/div><\/span>\n\t\t\t\t\t\t\t<span class='e-n-accordion-item-title-icon'>\n\t\t\t<span class='e-opened' ><i aria-hidden=\"true\" class=\"fas fa-minus\"><\/i><\/span>\n\t\t\t<span class='e-closed'><i aria-hidden=\"true\" class=\"fas fa-plus\"><\/i><\/span>\n\t\t<\/span>\n\n\t\t\t\t\t\t<\/summary>\n\t\t\t\t<div role=\"region\" aria-labelledby=\"e-n-accordion-item-10716\" class=\"elementor-element elementor-element-ff69be3 e-flex e-con-boxed e-con e-child\" data-id=\"ff69be3\" data-element_type=\"container\" data-e-type=\"container\">\n\t\t\t\t\t<div class=\"e-con-inner\">\n\t\t\t\t<div class=\"elementor-element elementor-element-919b741 elementor-widget elementor-widget-text-editor\" data-id=\"919b741\" data-element_type=\"widget\" data-e-type=\"widget\" data-widget_type=\"text-editor.default\">\n\t\t\t\t<div class=\"elementor-widget-container\">\n\t\t\t\t\t\t\t\t\t<p>Nein, das kannst du nicht.<\/p><p>Wenn eine Veranstaltung rot markiert ist und in Nem Mylsted der Text \u201eAusverkauft\u201c angezeigt wird, ist der Ticketverkauf beendet. Auch wenn die Anmeldefrist noch nicht abgelaufen ist.\u00a0<\/p>\t\t\t\t\t\t\t\t<\/div>\n\t\t\t\t<\/div>\n\t\t\t\t\t<\/div>\n\t\t\t\t<\/div>\n\t\t\t\t\t<\/details>\n\t\t\t\t\t\t<details id=\"e-n-accordion-item-10717\" class=\"e-n-accordion-item\" >\n\t\t\t\t<summary class=\"e-n-accordion-item-title\" data-accordion-index=\"18\" tabindex=\"-1\" aria-expanded=\"false\" aria-controls=\"e-n-accordion-item-10717\" >\n\t\t\t\t\t<span class='e-n-accordion-item-title-header'><div class=\"e-n-accordion-item-title-text\"> Ich habe die gekauften Tickets nicht erhalten. <\/div><\/span>\n\t\t\t\t\t\t\t<span class='e-n-accordion-item-title-icon'>\n\t\t\t<span class='e-opened' ><i aria-hidden=\"true\" class=\"fas fa-minus\"><\/i><\/span>\n\t\t\t<span class='e-closed'><i aria-hidden=\"true\" class=\"fas fa-plus\"><\/i><\/span>\n\t\t<\/span>\n\n\t\t\t\t\t\t<\/summary>\n\t\t\t\t<div role=\"region\" aria-labelledby=\"e-n-accordion-item-10717\" class=\"elementor-element elementor-element-94d2cd7 e-flex e-con-boxed e-con e-child\" data-id=\"94d2cd7\" data-element_type=\"container\" data-e-type=\"container\">\n\t\t\t\t\t<div class=\"e-con-inner\">\n\t\t\t\t<div class=\"elementor-element elementor-element-01b76bf elementor-widget elementor-widget-text-editor\" data-id=\"01b76bf\" data-element_type=\"widget\" data-e-type=\"widget\" data-widget_type=\"text-editor.default\">\n\t\t\t\t<div class=\"elementor-widget-container\">\n\t\t\t\t\t\t\t\t\t<p>Wenn Sie feststellen, dass Ihnen die auf der Website gekauften Tickets nicht zugesandt wurden, kontaktieren Sie uns bitte.<\/p><p>Dies kann an etwas so Einfachem wie einem Tippfehler in einer E-Mail-Adresse liegen.<\/p><p>Wenn wir von Ihnen h\u00f6ren, k\u00f6nnen wir Ihnen die Tickets erneut zusenden.<\/p><p>Vielen Dank im Voraus.<\/p>\t\t\t\t\t\t\t\t<\/div>\n\t\t\t\t<\/div>\n\t\t\t\t\t<\/div>\n\t\t\t\t<\/div>\n\t\t\t\t\t<\/details>\n\t\t\t\t\t<\/div>\n\t\t\t\t\t\t<\/div>\n\t\t\t\t<\/div>\n\t\t\t\t\t<\/div>\n\t\t\t\t<\/div>\n\t\t\t\t<\/div>","protected":false},"excerpt":{"rendered":"<p>M9, Bandholm havn. Her kan du m\u00e5ske finde svar p\u00e5 nogle af de sp\u00f8rgsm\u00e5l, der ofte bliver stillet&#8230;&#8230; Hvorn\u00e5r k\u00f8rer der tog p\u00e5 Museumsbanen? \u00a0 I 2026 starter Museumsbanens s\u00e6sonen [&hellip;]<\/p>\n","protected":false},"author":1,"featured_media":0,"parent":7081,"menu_order":0,"comment_status":"closed","ping_status":"closed","template":"","meta":{"inline_featured_image":false,"footnotes":""},"class_list":["post-6862","page","type-page","status-publish","hentry"],"yoast_head":"<!-- This site is optimized with the Yoast SEO plugin v27.4 - https:\/\/yoast.com\/product\/yoast-seo-wordpress\/ -->\n<title>FAQ - Museumsbanen Maribo-Bandholm<\/title>\n<meta name=\"robots\" content=\"index, follow, max-snippet:-1, max-image-preview:large, max-video-preview:-1\" \/>\n<link rel=\"canonical\" href=\"https:\/\/museumsbanen.dk\/de\/kundeservice\/faq\/\" \/>\n<meta property=\"og:locale\" content=\"de_DE\" \/>\n<meta property=\"og:type\" content=\"article\" \/>\n<meta property=\"og:title\" content=\"FAQ - Museumsbanen Maribo-Bandholm\" \/>\n<meta property=\"og:description\" content=\"M9, Bandholm havn. Her kan du m\u00e5ske finde svar p\u00e5 nogle af de sp\u00f8rgsm\u00e5l, der ofte bliver stillet&#8230;&#8230; Hvorn\u00e5r k\u00f8rer der tog p\u00e5 Museumsbanen? \u00a0 I 2026 starter Museumsbanens s\u00e6sonen [&hellip;]\" \/>\n<meta property=\"og:url\" content=\"https:\/\/museumsbanen.dk\/de\/kundeservice\/faq\/\" \/>\n<meta property=\"og:site_name\" content=\"Museumsbanen Maribo-Bandholm\" \/>\n<meta property=\"article:publisher\" content=\"https:\/\/www.facebook.com\/groups\/177166785691991\/\" \/>\n<meta property=\"article:modified_time\" content=\"2026-03-15T14:02:35+00:00\" \/>\n<meta property=\"og:image\" content=\"https:\/\/museumsbanen.dk\/wp-content\/uploads\/20240907_144806.png\" \/>\n<meta name=\"twitter:card\" content=\"summary_large_image\" \/>\n<meta name=\"twitter:label1\" content=\"Gesch\u00e4tzte Lesezeit\" \/>\n\t<meta name=\"twitter:data1\" content=\"8\u00a0Minuten\" \/>\n<script type=\"application\/ld+json\" class=\"yoast-schema-graph\">{\"@context\":\"https:\\\/\\\/schema.org\",\"@graph\":[{\"@type\":\"WebPage\",\"@id\":\"https:\\\/\\\/museumsbanen.dk\\\/kundeservice\\\/faq\\\/\",\"url\":\"https:\\\/\\\/museumsbanen.dk\\\/kundeservice\\\/faq\\\/\",\"name\":\"FAQ - Museumsbanen Maribo-Bandholm\",\"isPartOf\":{\"@id\":\"https:\\\/\\\/museumsbanen.dk\\\/#website\"},\"primaryImageOfPage\":{\"@id\":\"https:\\\/\\\/museumsbanen.dk\\\/kundeservice\\\/faq\\\/#primaryimage\"},\"image\":{\"@id\":\"https:\\\/\\\/museumsbanen.dk\\\/kundeservice\\\/faq\\\/#primaryimage\"},\"thumbnailUrl\":\"https:\\\/\\\/museumsbanen.dk\\\/wp-content\\\/uploads\\\/20240907_144806.png\",\"datePublished\":\"2025-04-24T13:11:44+00:00\",\"dateModified\":\"2026-03-15T14:02:35+00:00\",\"breadcrumb\":{\"@id\":\"https:\\\/\\\/museumsbanen.dk\\\/kundeservice\\\/faq\\\/#breadcrumb\"},\"inLanguage\":\"de\",\"potentialAction\":[{\"@type\":\"ReadAction\",\"target\":[\"https:\\\/\\\/museumsbanen.dk\\\/kundeservice\\\/faq\\\/\"]}]},{\"@type\":\"ImageObject\",\"inLanguage\":\"de\",\"@id\":\"https:\\\/\\\/museumsbanen.dk\\\/kundeservice\\\/faq\\\/#primaryimage\",\"url\":\"https:\\\/\\\/museumsbanen.dk\\\/wp-content\\\/uploads\\\/20240907_144806.png\",\"contentUrl\":\"https:\\\/\\\/museumsbanen.dk\\\/wp-content\\\/uploads\\\/20240907_144806.png\"},{\"@type\":\"BreadcrumbList\",\"@id\":\"https:\\\/\\\/museumsbanen.dk\\\/kundeservice\\\/faq\\\/#breadcrumb\",\"itemListElement\":[{\"@type\":\"ListItem\",\"position\":1,\"name\":\"Hjem\",\"item\":\"https:\\\/\\\/museumsbanen.dk\\\/\"},{\"@type\":\"ListItem\",\"position\":2,\"name\":\"Kundeservice\",\"item\":\"https:\\\/\\\/museumsbanen.dk\\\/kundeservice\\\/\"},{\"@type\":\"ListItem\",\"position\":3,\"name\":\"FAQ\"}]},{\"@type\":\"WebSite\",\"@id\":\"https:\\\/\\\/museumsbanen.dk\\\/#website\",\"url\":\"https:\\\/\\\/museumsbanen.dk\\\/\",\"name\":\"Museumsbanen Bandholm-Maribo\",\"description\":\"\",\"publisher\":{\"@id\":\"https:\\\/\\\/museumsbanen.dk\\\/#organization\"},\"potentialAction\":[{\"@type\":\"SearchAction\",\"target\":{\"@type\":\"EntryPoint\",\"urlTemplate\":\"https:\\\/\\\/museumsbanen.dk\\\/?s={search_term_string}\"},\"query-input\":{\"@type\":\"PropertyValueSpecification\",\"valueRequired\":true,\"valueName\":\"search_term_string\"}}],\"inLanguage\":\"de\"},{\"@type\":\"Organization\",\"@id\":\"https:\\\/\\\/museumsbanen.dk\\\/#organization\",\"name\":\"Museumsbanen Maribo-Bandholm, Dansk Jernbane-Klub\",\"url\":\"https:\\\/\\\/museumsbanen.dk\\\/\",\"logo\":{\"@type\":\"ImageObject\",\"inLanguage\":\"de\",\"@id\":\"https:\\\/\\\/museumsbanen.dk\\\/#\\\/schema\\\/logo\\\/image\\\/\",\"url\":\"https:\\\/\\\/museumsbanen.dk\\\/wp-content\\\/uploads\\\/logo.png\",\"contentUrl\":\"https:\\\/\\\/museumsbanen.dk\\\/wp-content\\\/uploads\\\/logo.png\",\"width\":347,\"height\":220,\"caption\":\"Museumsbanen Maribo-Bandholm, Dansk Jernbane-Klub\"},\"image\":{\"@id\":\"https:\\\/\\\/museumsbanen.dk\\\/#\\\/schema\\\/logo\\\/image\\\/\"},\"sameAs\":[\"https:\\\/\\\/www.facebook.com\\\/groups\\\/177166785691991\\\/\",\"https:\\\/\\\/www.instagram.com\\\/museumsbanen_maribo_bandholm\\\/\",\"https:\\\/\\\/www.youtube.com\\\/@museumsbanenmaribo-bandhol8830\"]}]}<\/script>\n<!-- \/ Yoast SEO plugin. -->","yoast_head_json":{"title":"FAQ - Museumseisenbahn Maribo-Bandholm","robots":{"index":"index","follow":"follow","max-snippet":"max-snippet:-1","max-image-preview":"max-image-preview:large","max-video-preview":"max-video-preview:-1"},"canonical":"https:\/\/museumsbanen.dk\/de\/kundeservice\/faq\/","og_locale":"de_DE","og_type":"article","og_title":"FAQ - Museumsbanen Maribo-Bandholm","og_description":"M9, Bandholm havn. Her kan du m\u00e5ske finde svar p\u00e5 nogle af de sp\u00f8rgsm\u00e5l, der ofte bliver stillet&#8230;&#8230; Hvorn\u00e5r k\u00f8rer der tog p\u00e5 Museumsbanen? \u00a0 I 2026 starter Museumsbanens s\u00e6sonen [&hellip;]","og_url":"https:\/\/museumsbanen.dk\/de\/kundeservice\/faq\/","og_site_name":"Museumsbanen Maribo-Bandholm","article_publisher":"https:\/\/www.facebook.com\/groups\/177166785691991\/","article_modified_time":"2026-03-15T14:02:35+00:00","og_image":[{"url":"https:\/\/museumsbanen.dk\/wp-content\/uploads\/20240907_144806.png","type":"","width":"","height":""}],"twitter_card":"summary_large_image","twitter_misc":{"Gesch\u00e4tzte Lesezeit":"8\u00a0Minuten"},"schema":{"@context":"https:\/\/schema.org","@graph":[{"@type":"WebPage","@id":"https:\/\/museumsbanen.dk\/kundeservice\/faq\/","url":"https:\/\/museumsbanen.dk\/kundeservice\/faq\/","name":"FAQ - Museumseisenbahn Maribo-Bandholm","isPartOf":{"@id":"https:\/\/museumsbanen.dk\/#website"},"primaryImageOfPage":{"@id":"https:\/\/museumsbanen.dk\/kundeservice\/faq\/#primaryimage"},"image":{"@id":"https:\/\/museumsbanen.dk\/kundeservice\/faq\/#primaryimage"},"thumbnailUrl":"https:\/\/museumsbanen.dk\/wp-content\/uploads\/20240907_144806.png","datePublished":"2025-04-24T13:11:44+00:00","dateModified":"2026-03-15T14:02:35+00:00","breadcrumb":{"@id":"https:\/\/museumsbanen.dk\/kundeservice\/faq\/#breadcrumb"},"inLanguage":"de","potentialAction":[{"@type":"ReadAction","target":["https:\/\/museumsbanen.dk\/kundeservice\/faq\/"]}]},{"@type":"ImageObject","inLanguage":"de","@id":"https:\/\/museumsbanen.dk\/kundeservice\/faq\/#primaryimage","url":"https:\/\/museumsbanen.dk\/wp-content\/uploads\/20240907_144806.png","contentUrl":"https:\/\/museumsbanen.dk\/wp-content\/uploads\/20240907_144806.png"},{"@type":"BreadcrumbList","@id":"https:\/\/museumsbanen.dk\/kundeservice\/faq\/#breadcrumb","itemListElement":[{"@type":"ListItem","position":1,"name":"Hjem","item":"https:\/\/museumsbanen.dk\/"},{"@type":"ListItem","position":2,"name":"Kundeservice","item":"https:\/\/museumsbanen.dk\/kundeservice\/"},{"@type":"ListItem","position":3,"name":"FAQ"}]},{"@type":"WebSite","@id":"https:\/\/museumsbanen.dk\/#website","url":"https:\/\/museumsbanen.dk\/","name":"Die Bandholm-Maribo-Museumseisenbahn","description":"","publisher":{"@id":"https:\/\/museumsbanen.dk\/#organization"},"potentialAction":[{"@type":"SearchAction","target":{"@type":"EntryPoint","urlTemplate":"https:\/\/museumsbanen.dk\/?s={search_term_string}"},"query-input":{"@type":"PropertyValueSpecification","valueRequired":true,"valueName":"search_term_string"}}],"inLanguage":"de"},{"@type":"Organization","@id":"https:\/\/museumsbanen.dk\/#organization","name":"Museumsbahn Maribo-Bandholm, D\u00e4nischer Eisenbahnclub","url":"https:\/\/museumsbanen.dk\/","logo":{"@type":"ImageObject","inLanguage":"de","@id":"https:\/\/museumsbanen.dk\/#\/schema\/logo\/image\/","url":"https:\/\/museumsbanen.dk\/wp-content\/uploads\/logo.png","contentUrl":"https:\/\/museumsbanen.dk\/wp-content\/uploads\/logo.png","width":347,"height":220,"caption":"Museumsbanen Maribo-Bandholm, Dansk Jernbane-Klub"},"image":{"@id":"https:\/\/museumsbanen.dk\/#\/schema\/logo\/image\/"},"sameAs":["https:\/\/www.facebook.com\/groups\/177166785691991\/","https:\/\/www.instagram.com\/museumsbanen_maribo_bandholm\/","https:\/\/www.youtube.com\/@museumsbanenmaribo-bandhol8830"]}]}},"_links":{"self":[{"href":"https:\/\/museumsbanen.dk\/de\/wp-json\/wp\/v2\/pages\/6862","targetHints":{"allow":["GET"]}}],"collection":[{"href":"https:\/\/museumsbanen.dk\/de\/wp-json\/wp\/v2\/pages"}],"about":[{"href":"https:\/\/museumsbanen.dk\/de\/wp-json\/wp\/v2\/types\/page"}],"author":[{"embeddable":true,"href":"https:\/\/museumsbanen.dk\/de\/wp-json\/wp\/v2\/users\/1"}],"replies":[{"embeddable":true,"href":"https:\/\/museumsbanen.dk\/de\/wp-json\/wp\/v2\/comments?post=6862"}],"version-history":[{"count":3,"href":"https:\/\/museumsbanen.dk\/de\/wp-json\/wp\/v2\/pages\/6862\/revisions"}],"predecessor-version":[{"id":9892,"href":"https:\/\/museumsbanen.dk\/de\/wp-json\/wp\/v2\/pages\/6862\/revisions\/9892"}],"up":[{"embeddable":true,"href":"https:\/\/museumsbanen.dk\/de\/wp-json\/wp\/v2\/pages\/7081"}],"wp:attachment":[{"href":"https:\/\/museumsbanen.dk\/de\/wp-json\/wp\/v2\/media?parent=6862"}],"curies":[{"name":"wp","href":"https:\/\/api.w.org\/{rel}","templated":true}]}}